{"id":4973,"date":"2018-12-13T09:04:09","date_gmt":"2018-12-13T14:04:09","guid":{"rendered":"https:\/\/aceq.org\/a-propos-de-lassociation\/joignez-vous-a-nous\/"},"modified":"2023-02-21T11:11:48","modified_gmt":"2023-02-21T16:11:48","slug":"joignez-vous-a-nous","status":"publish","type":"page","link":"https:\/\/aceq.org\/en\/a-propos-de-lassociation\/joignez-vous-a-nous\/","title":{"rendered":"Join Us"},"content":{"rendered":"<div class=\"wpb-content-wrapper\"><p>[vc_row vc_row_float_bg_left_right=&#8221;&#8221; css=&#8221;.vc_custom_1582901814225{background: #8bd5d3 url(https:\/\/aceq.org\/wp-content\/uploads\/2018\/12\/Wave-copie.png?id=382) !important;background-position: center !important;background-repeat: no-repeat !important;background-size: cover !important;}&#8221;][vc_column css=&#8221;.vc_custom_1543716477405{padding-top: 25px !important;padding-right: 25px !important;padding-bottom: 25px !important;padding-left: 30px !important;}&#8221;]<div class='breadcrumb-container-wpb  text-color-default '><span><span><a href=\"https:\/\/aceq.org\/en\/\">Home<\/a><\/span><\/span><\/div>[vc_empty_space height=&#8221;50px&#8221;][vc_column_text css=&#8221;.vc_custom_1676995849696{margin-bottom: 0px !important;padding-left: 20px !important;}&#8221;]<\/p>\n<h2>Work at the Association du cancer de l\u2019Est du Qu\u00e9bec<\/h2>\n<h3>Contribute to the development of our region<\/h3>\n<p>Do you want to join an organization that has been working to improve the lives of people affected by cancer and transforming our region since 1982? Browse the opportunities open to you. We will be pleased to receive your application.[\/vc_column_text]<div class='faq-container-wpb  text-color-default '><div class='faq-wrapper'><div class='faq-faqs-container no-title'><div class='faq-faqs-single'><div class='faq-faqs-single-title'><h3>Candidatures spontan\u00e9es<\/h3><\/div><div class='faq-faqs-single-answer'><p>Vous aimeriez vous joindre \u00e0 l\u2019\u00e9quipe, mais aucun poste n\u2019est pr\u00e9sentement affich\u00e9 ou ne correspond \u00e0 votre profil? Transmettez votre candidature spontan\u00e9e! Faites parvenir votre lettre de pr\u00e9sentation et votre curriculum vitae \u00e0 l\u2019adresse <a href=\"mailto:abrillant@aceq.org\">abrillant@aceq.org<\/a>.<\/p>\n<\/div><\/div><\/div><\/div><\/div>[\/vc_column][\/vc_row][vc_row equal_height=&#8221;yes&#8221; content_placement=&#8221;middle&#8221; vc_row_float_bg_left_right=&#8221;&#8221; css=&#8221;.vc_custom_1544711179432{margin-top: 35px !important;margin-bottom: 65px !important;}&#8221;][vc_column width=&#8221;1\/12&#8243;][\/vc_column][vc_column width=&#8221;7\/12&#8243;][vc_column_text vc_column_text_color=&#8221;lightteal&#8221; vc_column_text_size=&#8221;medium&#8221; vc_column_text=&#8221;&#8221; css=&#8221;.vc_custom_1544710518642{margin-bottom: 0px !important;}&#8221;]<\/p>\n<p style=\"text-align: center;\">L&#8217;Association est toujours \u00e0 la recherche de <strong>g\u00e9n\u00e9reux b\u00e9n\u00e9voles<\/strong>!<\/p>\n<p>[\/vc_column_text][\/vc_column][vc_column width=&#8221;1\/6&#8243;]<div class='btn-container-wpb btn-medium-size btn-align-center '><div class='btn-wrapper lightteal-color medium-size'><a class='btn-wpb btn btn-lightteal'  href='https:\/\/aceq.org\/jaide-lassociation\/don-de-temps\/offres-de-benevolat\/'>Volunteering Opportunities<i class='far fa-arrow-right'><\/i><\/a><\/div><\/div>[\/vc_column][vc_column width=&#8221;1\/6&#8243;][\/vc_column][\/vc_row][vc_row full_width=&#8221;stretch_row_content_no_spaces&#8221; vc_row_float_bg_left_right=&#8221;&#8221; css=&#8221;.vc_custom_1546898328462{margin-bottom: 0px !important;padding-bottom: 0px !important;}&#8221;][vc_column css=&#8221;.vc_custom_1546898324560{margin-bottom: 0px !important;padding-bottom: 0px !important;}&#8221;]<div class='photos_videos-container-wpb '><div class='photos_videos-wrapper-wpb'><div class='photos_videos-nav-wpb is-single row align-items-center'><div class='col videos active changeTabs' tab-class='photos_videos-videos-wpb'><div class='openVideos d-flex'><h2 class='align-self-center'>our <b>videos<\/b><\/h2><\/div><\/div><\/div><div class='row tabs-container is-single'><div class='col-12 active flex-column photos_videos-videos-wpb tab'><div class='container'><div class='photos_videos-photos-inside row'><div class='photos_videos-videos-single col-8'><div class='relative'><div data-mfp-src='http:\/\/www.youtube.com\/watch?v=NK3s2BPVB1A' class='zoom-in d-flex justify-content-center photos_videos-videos-popup'><i class='far fa-play-circle align-self-center'><\/i><\/div><img src='https:\/\/img.youtube.com\/vi\/NK3s2BPVB1A\/maxresdefault.jpg' \/><\/div><\/div><div class='col-4 videos-right'><div class='photos_videos-videos-single '><div class='relative'><div data-mfp-src='http:\/\/www.youtube.com\/watch?v=z3FzgW2H8GQ' class='zoom-in d-flex justify-content-center photos_videos-videos-popup'><i class='far fa-play-circle align-self-center'><\/i><\/div><img src='https:\/\/img.youtube.com\/vi\/z3FzgW2H8GQ\/maxresdefault.jpg' \/><\/div><\/div><\/div><\/div><\/div><div class='text-center'><a class='btn btn-white btn-reverse btn-more-videos' href='https:\/\/www.youtube.com\/channel\/UC0EVxVz2X36dFMpWmFOZ7RQ' target=\"_blank\" title=\"Voir toutes nos vid\u00e9os\">Voir toutes nos vid\u00e9os<\/a><\/div><\/div><\/div><\/div><\/div>[\/vc_column][\/vc_row][vc_row][vc_column][\/vc_column][\/vc_row]<\/p>\n<\/div>","protected":false},"excerpt":{"rendered":"<p>[vc_row vc_row_float_bg_left_right=&#8221;&#8221; css=&#8221;.vc_custom_1582901814225{background: #8bd5d3 url(https:\/\/aceq.org\/wp-content\/uploads\/2018\/12\/Wave-copie.png?id=382) !important;background-position: center !important;background-repeat: no-repeat !important;background-size: cover !important;}&#8221;][vc_column css=&#8221;.vc_custom_1543716477405{padding-top: 25px !important;padding-right: 25px !important;padding-bottom: 25px !important;padding-left: 30px !important;}&#8221;][vc_empty_space height=&#8221;50px&#8221;][vc_column_text css=&#8221;.vc_custom_1676995849696{margin-bottom: 0px !important;padding-left: 20px !important;}&#8221;] Work at the Association du cancer de l\u2019Est du Qu\u00e9bec Contribute to the development of our region Do you want to join an organization that has been working<\/p>\n","protected":false},"author":1,"featured_media":1286,"parent":2117,"menu_order":0,"comment_status":"closed","ping_status":"closed","template":"","meta":{"_acf_changed":false,"footnotes":""},"class_list":["post-4973","page","type-page","status-publish","has-post-thumbnail","hentry"],"acf":[],"yoast_head":"<!-- This site is optimized with the Yoast SEO plugin v26.7 - https:\/\/yoast.com\/wordpress\/plugins\/seo\/ -->\n<title>Join Us - L\u2019Association du cancer de l\u2019Est du Qu\u00e9bec<\/title>\n<meta name=\"robots\" content=\"index, follow, max-snippet:-1, max-image-preview:large, max-video-preview:-1\" \/>\n<link rel=\"canonical\" href=\"https:\/\/aceq.org\/en\/a-propos-de-lassociation\/joignez-vous-a-nous\/\" \/>\n<meta property=\"og:locale\" content=\"en_US\" \/>\n<meta property=\"og:type\" content=\"article\" \/>\n<meta property=\"og:title\" content=\"Join Us - L\u2019Association du cancer de l\u2019Est du Qu\u00e9bec\" \/>\n<meta property=\"og:description\" content=\"[vc_row vc_row_float_bg_left_right=&#8221;&#8221; css=&#8221;.vc_custom_1582901814225{background: #8bd5d3 url(https:\/\/aceq.org\/wp-content\/uploads\/2018\/12\/Wave-copie.png?id=382) !important;background-position: center !important;background-repeat: no-repeat !important;background-size: cover !important;}&#8221;][vc_column css=&#8221;.vc_custom_1543716477405{padding-top: 25px !important;padding-right: 25px !important;padding-bottom: 25px !important;padding-left: 30px !important;}&#8221;][vc_empty_space height=&#8221;50px&#8221;][vc_column_text css=&#8221;.vc_custom_1676995849696{margin-bottom: 0px !important;padding-left: 20px !important;}&#8221;] Work at the Association du cancer de l\u2019Est du Qu\u00e9bec Contribute to the development of our region Do you want to join an organization that has been working\" \/>\n<meta property=\"og:url\" content=\"https:\/\/aceq.org\/en\/a-propos-de-lassociation\/joignez-vous-a-nous\/\" \/>\n<meta property=\"og:site_name\" content=\"L\u2019Association du cancer de l\u2019Est du Qu\u00e9bec\" \/>\n<meta property=\"article:modified_time\" content=\"2023-02-21T16:11:48+00:00\" \/>\n<meta property=\"og:image\" content=\"https:\/\/aceq.org\/wp-content\/uploads\/2019\/01\/ACEQ_A_propos_de_lAssociation_Joignez-vous_a_nous_Shutterstock_1075870295.jpg\" \/>\n\t<meta property=\"og:image:width\" content=\"1920\" \/>\n\t<meta property=\"og:image:height\" content=\"1280\" \/>\n\t<meta property=\"og:image:type\" content=\"image\/jpeg\" \/>\n<meta name=\"twitter:card\" content=\"summary_large_image\" \/>\n<meta name=\"twitter:label1\" content=\"Est. reading time\" \/>\n\t<meta name=\"twitter:data1\" content=\"1 minute\" \/>\n<script type=\"application\/ld+json\" class=\"yoast-schema-graph\">{\"@context\":\"https:\/\/schema.org\",\"@graph\":[{\"@type\":\"WebPage\",\"@id\":\"https:\/\/aceq.org\/en\/a-propos-de-lassociation\/joignez-vous-a-nous\/\",\"url\":\"https:\/\/aceq.org\/en\/a-propos-de-lassociation\/joignez-vous-a-nous\/\",\"name\":\"Join Us - L\u2019Association du cancer de l\u2019Est du Qu\u00e9bec\",\"isPartOf\":{\"@id\":\"https:\/\/aceq.org\/en\/#website\"},\"primaryImageOfPage\":{\"@id\":\"https:\/\/aceq.org\/en\/a-propos-de-lassociation\/joignez-vous-a-nous\/#primaryimage\"},\"image\":{\"@id\":\"https:\/\/aceq.org\/en\/a-propos-de-lassociation\/joignez-vous-a-nous\/#primaryimage\"},\"thumbnailUrl\":\"https:\/\/aceq.org\/wp-content\/uploads\/2019\/01\/ACEQ_A_propos_de_lAssociation_Joignez-vous_a_nous_Shutterstock_1075870295.jpg\",\"datePublished\":\"2018-12-13T14:04:09+00:00\",\"dateModified\":\"2023-02-21T16:11:48+00:00\",\"breadcrumb\":{\"@id\":\"https:\/\/aceq.org\/en\/a-propos-de-lassociation\/joignez-vous-a-nous\/#breadcrumb\"},\"inLanguage\":\"en-US\",\"potentialAction\":[{\"@type\":\"ReadAction\",\"target\":[\"https:\/\/aceq.org\/en\/a-propos-de-lassociation\/joignez-vous-a-nous\/\"]}]},{\"@type\":\"ImageObject\",\"inLanguage\":\"en-US\",\"@id\":\"https:\/\/aceq.org\/en\/a-propos-de-lassociation\/joignez-vous-a-nous\/#primaryimage\",\"url\":\"https:\/\/aceq.org\/wp-content\/uploads\/2019\/01\/ACEQ_A_propos_de_lAssociation_Joignez-vous_a_nous_Shutterstock_1075870295.jpg\",\"contentUrl\":\"https:\/\/aceq.org\/wp-content\/uploads\/2019\/01\/ACEQ_A_propos_de_lAssociation_Joignez-vous_a_nous_Shutterstock_1075870295.jpg\",\"width\":1920,\"height\":1280,\"caption\":\"Joignez-vous \u00e0 nous - Association du cancer de l'Est du Qu\u00e9bec\"},{\"@type\":\"BreadcrumbList\",\"@id\":\"https:\/\/aceq.org\/en\/a-propos-de-lassociation\/joignez-vous-a-nous\/#breadcrumb\",\"itemListElement\":[{\"@type\":\"ListItem\",\"position\":1,\"name\":\"Home\",\"item\":\"https:\/\/aceq.org\/en\/\"},{\"@type\":\"ListItem\",\"position\":2,\"name\":\"About the Association\",\"item\":\"https:\/\/aceq.org\/en\/a-propos-de-lassociation\/\"},{\"@type\":\"ListItem\",\"position\":3,\"name\":\"Join Us\"}]},{\"@type\":\"WebSite\",\"@id\":\"https:\/\/aceq.org\/en\/#website\",\"url\":\"https:\/\/aceq.org\/en\/\",\"name\":\"L\u2019Association du cancer de l\u2019Est du Qu\u00e9bec\",\"description\":\"Solidaire de votre mieux-\u00eatre!\",\"publisher\":{\"@id\":\"https:\/\/aceq.org\/en\/#organization\"},\"potentialAction\":[{\"@type\":\"SearchAction\",\"target\":{\"@type\":\"EntryPoint\",\"urlTemplate\":\"https:\/\/aceq.org\/en\/?s={search_term_string}\"},\"query-input\":{\"@type\":\"PropertyValueSpecification\",\"valueRequired\":true,\"valueName\":\"search_term_string\"}}],\"inLanguage\":\"en-US\"},{\"@type\":\"Organization\",\"@id\":\"https:\/\/aceq.org\/en\/#organization\",\"name\":\"L\u2019Association du cancer de l\u2019Est du Qu\u00e9bec\",\"url\":\"https:\/\/aceq.org\/en\/\",\"logo\":{\"@type\":\"ImageObject\",\"inLanguage\":\"en-US\",\"@id\":\"https:\/\/aceq.org\/en\/#\/schema\/logo\/image\/\",\"url\":\"https:\/\/aceq.org\/wp-content\/uploads\/2018\/10\/Logo.png\",\"contentUrl\":\"https:\/\/aceq.org\/wp-content\/uploads\/2018\/10\/Logo.png\",\"width\":278,\"height\":157,\"caption\":\"L\u2019Association du cancer de l\u2019Est du Qu\u00e9bec\"},\"image\":{\"@id\":\"https:\/\/aceq.org\/en\/#\/schema\/logo\/image\/\"}}]}<\/script>\n<!-- \/ Yoast SEO plugin. -->","yoast_head_json":{"title":"Join Us - L\u2019Association du cancer de l\u2019Est du Qu\u00e9bec","robots":{"index":"index","follow":"follow","max-snippet":"max-snippet:-1","max-image-preview":"max-image-preview:large","max-video-preview":"max-video-preview:-1"},"canonical":"https:\/\/aceq.org\/en\/a-propos-de-lassociation\/joignez-vous-a-nous\/","og_locale":"en_US","og_type":"article","og_title":"Join Us - L\u2019Association du cancer de l\u2019Est du Qu\u00e9bec","og_description":"[vc_row vc_row_float_bg_left_right=&#8221;&#8221; css=&#8221;.vc_custom_1582901814225{background: #8bd5d3 url(https:\/\/aceq.org\/wp-content\/uploads\/2018\/12\/Wave-copie.png?id=382) !important;background-position: center !important;background-repeat: no-repeat !important;background-size: cover !important;}&#8221;][vc_column css=&#8221;.vc_custom_1543716477405{padding-top: 25px !important;padding-right: 25px !important;padding-bottom: 25px !important;padding-left: 30px !important;}&#8221;][vc_empty_space height=&#8221;50px&#8221;][vc_column_text css=&#8221;.vc_custom_1676995849696{margin-bottom: 0px !important;padding-left: 20px !important;}&#8221;] Work at the Association du cancer de l\u2019Est du Qu\u00e9bec Contribute to the development of our region Do you want to join an organization that has been working","og_url":"https:\/\/aceq.org\/en\/a-propos-de-lassociation\/joignez-vous-a-nous\/","og_site_name":"L\u2019Association du cancer de l\u2019Est du Qu\u00e9bec","article_modified_time":"2023-02-21T16:11:48+00:00","og_image":[{"width":1920,"height":1280,"url":"https:\/\/aceq.org\/wp-content\/uploads\/2019\/01\/ACEQ_A_propos_de_lAssociation_Joignez-vous_a_nous_Shutterstock_1075870295.jpg","type":"image\/jpeg"}],"twitter_card":"summary_large_image","twitter_misc":{"Est. reading time":"1 minute"},"schema":{"@context":"https:\/\/schema.org","@graph":[{"@type":"WebPage","@id":"https:\/\/aceq.org\/en\/a-propos-de-lassociation\/joignez-vous-a-nous\/","url":"https:\/\/aceq.org\/en\/a-propos-de-lassociation\/joignez-vous-a-nous\/","name":"Join Us - L\u2019Association du cancer de l\u2019Est du Qu\u00e9bec","isPartOf":{"@id":"https:\/\/aceq.org\/en\/#website"},"primaryImageOfPage":{"@id":"https:\/\/aceq.org\/en\/a-propos-de-lassociation\/joignez-vous-a-nous\/#primaryimage"},"image":{"@id":"https:\/\/aceq.org\/en\/a-propos-de-lassociation\/joignez-vous-a-nous\/#primaryimage"},"thumbnailUrl":"https:\/\/aceq.org\/wp-content\/uploads\/2019\/01\/ACEQ_A_propos_de_lAssociation_Joignez-vous_a_nous_Shutterstock_1075870295.jpg","datePublished":"2018-12-13T14:04:09+00:00","dateModified":"2023-02-21T16:11:48+00:00","breadcrumb":{"@id":"https:\/\/aceq.org\/en\/a-propos-de-lassociation\/joignez-vous-a-nous\/#breadcrumb"},"inLanguage":"en-US","potentialAction":[{"@type":"ReadAction","target":["https:\/\/aceq.org\/en\/a-propos-de-lassociation\/joignez-vous-a-nous\/"]}]},{"@type":"ImageObject","inLanguage":"en-US","@id":"https:\/\/aceq.org\/en\/a-propos-de-lassociation\/joignez-vous-a-nous\/#primaryimage","url":"https:\/\/aceq.org\/wp-content\/uploads\/2019\/01\/ACEQ_A_propos_de_lAssociation_Joignez-vous_a_nous_Shutterstock_1075870295.jpg","contentUrl":"https:\/\/aceq.org\/wp-content\/uploads\/2019\/01\/ACEQ_A_propos_de_lAssociation_Joignez-vous_a_nous_Shutterstock_1075870295.jpg","width":1920,"height":1280,"caption":"Joignez-vous \u00e0 nous - Association du cancer de l'Est du Qu\u00e9bec"},{"@type":"BreadcrumbList","@id":"https:\/\/aceq.org\/en\/a-propos-de-lassociation\/joignez-vous-a-nous\/#breadcrumb","itemListElement":[{"@type":"ListItem","position":1,"name":"Home","item":"https:\/\/aceq.org\/en\/"},{"@type":"ListItem","position":2,"name":"About the Association","item":"https:\/\/aceq.org\/en\/a-propos-de-lassociation\/"},{"@type":"ListItem","position":3,"name":"Join Us"}]},{"@type":"WebSite","@id":"https:\/\/aceq.org\/en\/#website","url":"https:\/\/aceq.org\/en\/","name":"L\u2019Association du cancer de l\u2019Est du Qu\u00e9bec","description":"Solidaire de votre mieux-\u00eatre!","publisher":{"@id":"https:\/\/aceq.org\/en\/#organization"},"potentialAction":[{"@type":"SearchAction","target":{"@type":"EntryPoint","urlTemplate":"https:\/\/aceq.org\/en\/?s={search_term_string}"},"query-input":{"@type":"PropertyValueSpecification","valueRequired":true,"valueName":"search_term_string"}}],"inLanguage":"en-US"},{"@type":"Organization","@id":"https:\/\/aceq.org\/en\/#organization","name":"L\u2019Association du cancer de l\u2019Est du Qu\u00e9bec","url":"https:\/\/aceq.org\/en\/","logo":{"@type":"ImageObject","inLanguage":"en-US","@id":"https:\/\/aceq.org\/en\/#\/schema\/logo\/image\/","url":"https:\/\/aceq.org\/wp-content\/uploads\/2018\/10\/Logo.png","contentUrl":"https:\/\/aceq.org\/wp-content\/uploads\/2018\/10\/Logo.png","width":278,"height":157,"caption":"L\u2019Association du cancer de l\u2019Est du Qu\u00e9bec"},"image":{"@id":"https:\/\/aceq.org\/en\/#\/schema\/logo\/image\/"}}]}},"_links":{"self":[{"href":"https:\/\/aceq.org\/en\/wp-json\/wp\/v2\/pages\/4973","targetHints":{"allow":["GET"]}}],"collection":[{"href":"https:\/\/aceq.org\/en\/wp-json\/wp\/v2\/pages"}],"about":[{"href":"https:\/\/aceq.org\/en\/wp-json\/wp\/v2\/types\/page"}],"author":[{"embeddable":true,"href":"https:\/\/aceq.org\/en\/wp-json\/wp\/v2\/users\/1"}],"replies":[{"embeddable":true,"href":"https:\/\/aceq.org\/en\/wp-json\/wp\/v2\/comments?post=4973"}],"version-history":[{"count":0,"href":"https:\/\/aceq.org\/en\/wp-json\/wp\/v2\/pages\/4973\/revisions"}],"up":[{"embeddable":true,"href":"https:\/\/aceq.org\/en\/wp-json\/wp\/v2\/pages\/2117"}],"wp:featuredmedia":[{"embeddable":true,"href":"https:\/\/aceq.org\/en\/wp-json\/wp\/v2\/media\/1286"}],"wp:attachment":[{"href":"https:\/\/aceq.org\/en\/wp-json\/wp\/v2\/media?parent=4973"}],"curies":[{"name":"wp","href":"https:\/\/api.w.org\/{rel}","templated":true}]}}